{"id":102,"date":"2024-09-22T19:09:25","date_gmt":"2024-09-22T19:09:25","guid":{"rendered":"http:\/\/servicioscomunitariosadventistas.org\/?page_id=102"},"modified":"2024-09-22T19:26:36","modified_gmt":"2024-09-22T19:26:36","slug":"quienes-somos","status":"publish","type":"page","link":"https:\/\/servicioscomunitariosadventistas.org\/index.php\/quienes-somos\/","title":{"rendered":"\u00bfQuienes somos?"},"content":{"rendered":"\t\t<div data-elementor-type=\"wp-page\" data-elementor-id=\"102\" class=\"elementor elementor-102\" data-elementor-post-type=\"page\">\n\t\t\t\t<div class=\"elementor-element elementor-element-288d595e e-con-full e-flex e-con e-parent\" data-id=\"288d595e\" data-element_type=\"container\">\n\t\t<div class=\"elementor-element elementor-element-46a3b8f8 e-flex e-con-boxed e-con e-child\" data-id=\"46a3b8f8\" data-element_type=\"container\" data-settings=\"{&quot;background_background&quot;:&quot;classic&quot;}\">\n\t\t\t\t\t<div class=\"e-con-inner\">\n\t\t<div class=\"elementor-element elementor-element-4f5c2402 e-con-full e-flex e-con e-child\" data-id=\"4f5c2402\" data-element_type=\"container\">\n\t\t\t\t<div class=\"elementor-element elementor-element-5fe633f9 elementor-widget elementor-widget-heading\" data-id=\"5fe633f9\" data-element_type=\"widget\" data-widget_type=\"heading.default\">\n\t\t\t\t<div class=\"elementor-widget-container\">\n\t\t\t<h2 class=\"elementor-heading-title elementor-size-default\">\u00bfQuienes somos?<\/h2>\t\t<\/div>\n\t\t\t\t<\/div>\n\t\t\t\t<div class=\"elementor-element elementor-element-3af7225d elementor-widget elementor-widget-text-editor\" data-id=\"3af7225d\" data-element_type=\"widget\" data-widget_type=\"text-editor.default\">\n\t\t\t\t<div class=\"elementor-widget-container\">\n\t\t\t\t\t\t\t<p>\u00a1\u00danete a Nuestra Red de Voluntarios y Haz la Diferencia Hoy!<\/p>\t\t\t\t\t\t<\/div>\n\t\t\t\t<\/div>\n\t\t\t\t<\/div>\n\t\t\t\t<div class=\"elementor-element elementor-element-1f356d31 elementor-widget-tablet__width-initial elementor-widget-mobile__width-inherit elementor-widget elementor-widget-image\" data-id=\"1f356d31\" data-element_type=\"widget\" data-widget_type=\"image.default\">\n\t\t\t\t<div class=\"elementor-widget-container\">\n\t\t\t\t\t\t\t\t\t\t\t\t\t<img fetchpriority=\"high\" decoding=\"async\" width=\"800\" height=\"731\" src=\"https:\/\/servicioscomunitariosadventistas.org\/wp-content\/uploads\/2024\/09\/volunyariado-1024x936.png\" class=\"attachment-large size-large wp-image-88\" alt=\"\" srcset=\"https:\/\/servicioscomunitariosadventistas.org\/wp-content\/uploads\/2024\/09\/volunyariado-1024x936.png 1024w, https:\/\/servicioscomunitariosadventistas.org\/wp-content\/uploads\/2024\/09\/volunyariado-300x274.png 300w, https:\/\/servicioscomunitariosadventistas.org\/wp-content\/uploads\/2024\/09\/volunyariado-768x702.png 768w, https:\/\/servicioscomunitariosadventistas.org\/wp-content\/uploads\/2024\/09\/volunyariado-1536x1404.png 1536w, https:\/\/servicioscomunitariosadventistas.org\/wp-content\/uploads\/2024\/09\/volunyariado.png 1680w\" sizes=\"(max-width: 800px) 100vw, 800px\" \/>\t\t\t\t\t\t\t\t\t\t\t\t\t<\/div>\n\t\t\t\t<\/div>\n\t\t\t\t\t<\/div>\n\t\t\t\t<\/div>\n\t\t<div class=\"elementor-element elementor-element-19f8389 e-con-full e-flex e-con e-child\" data-id=\"19f8389\" data-element_type=\"container\" data-settings=\"{&quot;background_background&quot;:&quot;classic&quot;}\">\n\t\t<div class=\"elementor-element elementor-element-133d800b e-flex e-con-boxed e-con e-child\" data-id=\"133d800b\" data-element_type=\"container\">\n\t\t\t\t\t<div class=\"e-con-inner\">\n\t\t\t\t\t<\/div>\n\t\t\t\t<\/div>\n\t\t\t\t<\/div>\n\t\t\t\t<\/div>\n\t\t<div class=\"elementor-element elementor-element-19f01ea0 e-con-full e-flex e-con e-parent\" data-id=\"19f01ea0\" data-element_type=\"container\">\n\t\t<div class=\"elementor-element elementor-element-165a4dcb e-flex e-con-boxed e-con e-child\" data-id=\"165a4dcb\" data-element_type=\"container\">\n\t\t\t\t\t<div class=\"e-con-inner\">\n\t\t\t\t<div class=\"elementor-element elementor-element-145da8bb elementor-widget__width-initial elementor-widget elementor-widget-image\" data-id=\"145da8bb\" data-element_type=\"widget\" data-widget_type=\"image.default\">\n\t\t\t\t<div class=\"elementor-widget-container\">\n\t\t\t\t\t\t\t\t\t\t\t\t\t<img decoding=\"async\" width=\"800\" height=\"534\" src=\"https:\/\/servicioscomunitariosadventistas.org\/wp-content\/uploads\/2024\/09\/HBO_3390-40-2-1024x683.jpg\" class=\"attachment-large size-large wp-image-132\" alt=\"\" srcset=\"https:\/\/servicioscomunitariosadventistas.org\/wp-content\/uploads\/2024\/09\/HBO_3390-40-2-1024x683.jpg 1024w, https:\/\/servicioscomunitariosadventistas.org\/wp-content\/uploads\/2024\/09\/HBO_3390-40-2-300x200.jpg 300w, https:\/\/servicioscomunitariosadventistas.org\/wp-content\/uploads\/2024\/09\/HBO_3390-40-2-768x512.jpg 768w, https:\/\/servicioscomunitariosadventistas.org\/wp-content\/uploads\/2024\/09\/HBO_3390-40-2-1536x1024.jpg 1536w, https:\/\/servicioscomunitariosadventistas.org\/wp-content\/uploads\/2024\/09\/HBO_3390-40-2.jpg 2048w\" sizes=\"(max-width: 800px) 100vw, 800px\" \/>\t\t\t\t\t\t\t\t\t\t\t\t\t<\/div>\n\t\t\t\t<\/div>\n\t\t<div class=\"elementor-element elementor-element-1107afc1 e-con-full e-flex e-con e-child\" data-id=\"1107afc1\" data-element_type=\"container\">\n\t\t\t\t<div class=\"elementor-element elementor-element-5b9a0218 elementor-widget elementor-widget-heading\" data-id=\"5b9a0218\" data-element_type=\"widget\" data-widget_type=\"heading.default\">\n\t\t\t\t<div class=\"elementor-widget-container\">\n\t\t\t<p class=\"elementor-heading-title elementor-size-default\">\u00bfQuienes somos?<\/p>\t\t<\/div>\n\t\t\t\t<\/div>\n\t\t\t\t<div class=\"elementor-element elementor-element-2729d33a elementor-widget elementor-widget-text-editor\" data-id=\"2729d33a\" data-element_type=\"widget\" data-widget_type=\"text-editor.default\">\n\t\t\t\t<div class=\"elementor-widget-container\">\n\t\t\t\t\t\t\t<p><strong>SEA Educaci\u00f3n y Servicio<\/strong> es una organizaci\u00f3n sin fines de lucro que promueve, organiza y coordina acciones de bienestar en catorce estados del norte de M\u00e9xico, mejorando las condiciones de vida de ni\u00f1os, j\u00f3venes y adultos en nuestras comunidades, sin importar g\u00e9nero, raza o estatus.<\/p>\t\t\t\t\t\t<\/div>\n\t\t\t\t<\/div>\n\t\t\t\t<\/div>\n\t\t\t\t\t<\/div>\n\t\t\t\t<\/div>\n\t\t\t\t<\/div>\n\t\t<div class=\"elementor-element elementor-element-3872c208 e-con-full e-flex e-con e-parent\" data-id=\"3872c208\" data-element_type=\"container\">\n\t\t<div class=\"elementor-element elementor-element-219a5c03 e-flex e-con-boxed e-con e-child\" data-id=\"219a5c03\" data-element_type=\"container\">\n\t\t\t\t\t<div class=\"e-con-inner\">\n\t\t<div class=\"elementor-element elementor-element-46aa261f e-con-full e-flex e-con e-child\" data-id=\"46aa261f\" data-element_type=\"container\">\n\t\t\t\t<div class=\"elementor-element elementor-element-46123497 elementor-widget elementor-widget-heading\" data-id=\"46123497\" data-element_type=\"widget\" data-widget_type=\"heading.default\">\n\t\t\t\t<div class=\"elementor-widget-container\">\n\t\t\t<p class=\"elementor-heading-title elementor-size-default\">\u00bfQu\u00e9 hacemos?<\/p>\t\t<\/div>\n\t\t\t\t<\/div>\n\t\t\t\t<div class=\"elementor-element elementor-element-f387ed elementor-widget elementor-widget-text-editor\" data-id=\"f387ed\" data-element_type=\"widget\" data-widget_type=\"text-editor.default\">\n\t\t\t\t<div class=\"elementor-widget-container\">\n\t\t\t\t\t\t\t<p>En SEA Educaci\u00f3n y Servicio realizamos proyectos en las \u00e1reas de salud, educaci\u00f3n y servicios comunitarios, atendemos las necesidades de las personas con un enfoque integral. Esto nos permite no solo abordar sus necesidades inmediatas, sino tambi\u00e9n ayudarlas a visualizar y adoptar un mejor estilo de vida a largo plazo.<\/p>\t\t\t\t\t\t<\/div>\n\t\t\t\t<\/div>\n\t\t\t\t<\/div>\n\t\t\t\t<div class=\"elementor-element elementor-element-247ed456 elementor-widget__width-initial elementor-widget elementor-widget-image\" data-id=\"247ed456\" data-element_type=\"widget\" data-widget_type=\"image.default\">\n\t\t\t\t<div class=\"elementor-widget-container\">\n\t\t\t\t\t\t\t\t\t\t\t\t\t<img decoding=\"async\" width=\"800\" height=\"534\" src=\"https:\/\/servicioscomunitariosadventistas.org\/wp-content\/uploads\/2024\/09\/HBO_3352-33-2-1024x683.jpg\" class=\"attachment-large size-large wp-image-131\" alt=\"\" srcset=\"https:\/\/servicioscomunitariosadventistas.org\/wp-content\/uploads\/2024\/09\/HBO_3352-33-2-1024x683.jpg 1024w, https:\/\/servicioscomunitariosadventistas.org\/wp-content\/uploads\/2024\/09\/HBO_3352-33-2-300x200.jpg 300w, https:\/\/servicioscomunitariosadventistas.org\/wp-content\/uploads\/2024\/09\/HBO_3352-33-2-768x512.jpg 768w, https:\/\/servicioscomunitariosadventistas.org\/wp-content\/uploads\/2024\/09\/HBO_3352-33-2-1536x1024.jpg 1536w, https:\/\/servicioscomunitariosadventistas.org\/wp-content\/uploads\/2024\/09\/HBO_3352-33-2.jpg 2048w\" sizes=\"(max-width: 800px) 100vw, 800px\" \/>\t\t\t\t\t\t\t\t\t\t\t\t\t<\/div>\n\t\t\t\t<\/div>\n\t\t\t\t\t<\/div>\n\t\t\t\t<\/div>\n\t\t\t\t<\/div>\n\t\t\t\t<\/div>\n\t\t","protected":false},"excerpt":{"rendered":"<p>\u00bfQuienes somos? \u00a1\u00danete a Nuestra Red de Voluntarios y Haz la Diferencia Hoy! \u00bfQuienes somos? SEA Educaci\u00f3n y Servicio es una organizaci\u00f3n sin fines de lucro que promueve, organiza y coordina acciones de bienestar en catorce estados del norte de M\u00e9xico, mejorando las condiciones de vida de ni\u00f1os, j\u00f3venes y adultos en nuestras comunidades, sin [&hellip;]<\/p>\n","protected":false},"author":1,"featured_media":0,"parent":0,"menu_order":0,"comment_status":"closed","ping_status":"closed","template":"elementor_header_footer","meta":{"footnotes":""},"class_list":["post-102","page","type-page","status-publish","hentry"],"aioseo_notices":[],"_links":{"self":[{"href":"https:\/\/servicioscomunitariosadventistas.org\/index.php\/wp-json\/wp\/v2\/pages\/102","targetHints":{"allow":["GET"]}}],"collection":[{"href":"https:\/\/servicioscomunitariosadventistas.org\/index.php\/wp-json\/wp\/v2\/pages"}],"about":[{"href":"https:\/\/servicioscomunitariosadventistas.org\/index.php\/wp-json\/wp\/v2\/types\/page"}],"author":[{"embeddable":true,"href":"https:\/\/servicioscomunitariosadventistas.org\/index.php\/wp-json\/wp\/v2\/users\/1"}],"replies":[{"embeddable":true,"href":"https:\/\/servicioscomunitariosadventistas.org\/index.php\/wp-json\/wp\/v2\/comments?post=102"}],"version-history":[{"count":4,"href":"https:\/\/servicioscomunitariosadventistas.org\/index.php\/wp-json\/wp\/v2\/pages\/102\/revisions"}],"predecessor-version":[{"id":136,"href":"https:\/\/servicioscomunitariosadventistas.org\/index.php\/wp-json\/wp\/v2\/pages\/102\/revisions\/136"}],"wp:attachment":[{"href":"https:\/\/servicioscomunitariosadventistas.org\/index.php\/wp-json\/wp\/v2\/media?parent=102"}],"curies":[{"name":"wp","href":"https:\/\/api.w.org\/{rel}","templated":true}]}}