{"id":152,"date":"2024-09-22T19:40:54","date_gmt":"2024-09-22T19:40:54","guid":{"rendered":"http:\/\/servicioscomunitariosadventistas.org\/?page_id=152"},"modified":"2024-09-22T19:53:04","modified_gmt":"2024-09-22T19:53:04","slug":"sedes-regionales","status":"publish","type":"page","link":"https:\/\/servicioscomunitariosadventistas.org\/index.php\/sedes-regionales\/","title":{"rendered":"Sedes Regionales"},"content":{"rendered":"\t\t<div data-elementor-type=\"wp-page\" data-elementor-id=\"152\" class=\"elementor elementor-152\" data-elementor-post-type=\"page\">\n\t\t\t\t<div class=\"elementor-element elementor-element-7dc5b32d e-con-full e-flex e-con e-parent\" data-id=\"7dc5b32d\" data-element_type=\"container\">\n\t\t<div class=\"elementor-element elementor-element-417387f e-flex e-con-boxed e-con e-child\" data-id=\"417387f\" data-element_type=\"container\" data-settings=\"{&quot;background_background&quot;:&quot;classic&quot;}\">\n\t\t\t\t\t<div class=\"e-con-inner\">\n\t\t<div class=\"elementor-element elementor-element-bf8cd24 e-con-full e-flex e-con e-child\" data-id=\"bf8cd24\" data-element_type=\"container\">\n\t\t\t\t<div class=\"elementor-element elementor-element-3f6b0ba elementor-widget elementor-widget-heading\" data-id=\"3f6b0ba\" data-element_type=\"widget\" data-widget_type=\"heading.default\">\n\t\t\t\t<div class=\"elementor-widget-container\">\n\t\t\t<h2 class=\"elementor-heading-title elementor-size-default\">Haz una Donaci\u00f3n  Transforma Vidas.<\/h2>\t\t<\/div>\n\t\t\t\t<\/div>\n\t\t\t\t<div class=\"elementor-element elementor-element-5b647334 elementor-widget elementor-widget-text-editor\" data-id=\"5b647334\" data-element_type=\"widget\" data-widget_type=\"text-editor.default\">\n\t\t\t\t<div class=\"elementor-widget-container\">\n\t\t\t\t\t\t\t<p>Localizanos en cualquiera de las 11 sedes que tenemos en el norte del pais. Atenderemos con gusto tu llamada.<\/p>\t\t\t\t\t\t<\/div>\n\t\t\t\t<\/div>\n\t\t\t\t<\/div>\n\t\t\t\t<div class=\"elementor-element elementor-element-1c35aa67 elementor-widget elementor-widget-image\" data-id=\"1c35aa67\" data-element_type=\"widget\" data-widget_type=\"image.default\">\n\t\t\t\t<div class=\"elementor-widget-container\">\n\t\t\t\t\t\t\t\t\t\t\t\t\t<img fetchpriority=\"high\" decoding=\"async\" width=\"800\" height=\"731\" src=\"https:\/\/servicioscomunitariosadventistas.org\/wp-content\/uploads\/2024\/09\/nino-donation-1024x936.png\" class=\"attachment-large size-large wp-image-51\" alt=\"\" srcset=\"https:\/\/servicioscomunitariosadventistas.org\/wp-content\/uploads\/2024\/09\/nino-donation-1024x936.png 1024w, https:\/\/servicioscomunitariosadventistas.org\/wp-content\/uploads\/2024\/09\/nino-donation-300x274.png 300w, https:\/\/servicioscomunitariosadventistas.org\/wp-content\/uploads\/2024\/09\/nino-donation-768x702.png 768w, https:\/\/servicioscomunitariosadventistas.org\/wp-content\/uploads\/2024\/09\/nino-donation-1536x1404.png 1536w, https:\/\/servicioscomunitariosadventistas.org\/wp-content\/uploads\/2024\/09\/nino-donation.png 1680w\" sizes=\"(max-width: 800px) 100vw, 800px\" \/>\t\t\t\t\t\t\t\t\t\t\t\t\t<\/div>\n\t\t\t\t<\/div>\n\t\t\t\t\t<\/div>\n\t\t\t\t<\/div>\n\t\t\t\t<\/div>\n\t\t<div class=\"elementor-element elementor-element-4e0ec8f0 e-flex e-con-boxed e-con e-parent\" data-id=\"4e0ec8f0\" data-element_type=\"container\">\n\t\t\t\t\t<div class=\"e-con-inner\">\n\t\t<div class=\"elementor-element elementor-element-7ec1f11b e-grid e-con-boxed e-con e-child\" data-id=\"7ec1f11b\" data-element_type=\"container\">\n\t\t\t\t\t<div class=\"e-con-inner\">\n\t\t<div class=\"elementor-element elementor-element-7c54729d e-flex e-con-boxed e-con e-child\" data-id=\"7c54729d\" data-element_type=\"container\" data-settings=\"{&quot;background_background&quot;:&quot;classic&quot;}\">\n\t\t\t\t\t<div class=\"e-con-inner\">\n\t\t\t\t<div class=\"elementor-element elementor-element-4a26a6f7 elementor-widget elementor-widget-image\" data-id=\"4a26a6f7\" data-element_type=\"widget\" data-widget_type=\"image.default\">\n\t\t\t\t<div class=\"elementor-widget-container\">\n\t\t\t\t\t\t\t\t\t\t\t\t\t<img decoding=\"async\" width=\"800\" height=\"450\" src=\"https:\/\/servicioscomunitariosadventistas.org\/wp-content\/uploads\/2024\/09\/3-1024x576.jpg\" class=\"attachment-large size-large wp-image-163\" alt=\"\" srcset=\"https:\/\/servicioscomunitariosadventistas.org\/wp-content\/uploads\/2024\/09\/3-1024x576.jpg 1024w, https:\/\/servicioscomunitariosadventistas.org\/wp-content\/uploads\/2024\/09\/3-300x169.jpg 300w, https:\/\/servicioscomunitariosadventistas.org\/wp-content\/uploads\/2024\/09\/3-768x432.jpg 768w, https:\/\/servicioscomunitariosadventistas.org\/wp-content\/uploads\/2024\/09\/3-1536x864.jpg 1536w, https:\/\/servicioscomunitariosadventistas.org\/wp-content\/uploads\/2024\/09\/3.jpg 1920w\" sizes=\"(max-width: 800px) 100vw, 800px\" \/>\t\t\t\t\t\t\t\t\t\t\t\t\t<\/div>\n\t\t\t\t<\/div>\n\t\t<div class=\"elementor-element elementor-element-9fa107a e-flex e-con-boxed e-con e-child\" data-id=\"9fa107a\" data-element_type=\"container\">\n\t\t\t\t\t<div class=\"e-con-inner\">\n\t\t\t\t<div class=\"elementor-element elementor-element-c60e54f elementor-widget elementor-widget-heading\" data-id=\"c60e54f\" data-element_type=\"widget\" data-widget_type=\"heading.default\">\n\t\t\t\t<div class=\"elementor-widget-container\">\n\t\t\t<h2 class=\"elementor-heading-title elementor-size-default\">Baja California<\/h2>\t\t<\/div>\n\t\t\t\t<\/div>\n\t\t\t\t<div class=\"elementor-element elementor-element-58c7fe0a elementor-position-left elementor-vertical-align-middle elementor-view-default elementor-mobile-position-top elementor-widget elementor-widget-icon-box\" data-id=\"58c7fe0a\" data-element_type=\"widget\" data-widget_type=\"icon-box.default\">\n\t\t\t\t<div class=\"elementor-widget-container\">\n\t\t\t\t\t<div class=\"elementor-icon-box-wrapper\">\n\n\t\t\t\t\t\t<div class=\"elementor-icon-box-icon\">\n\t\t\t\t<a href=\"https:\/\/maps.app.goo.gl\/ryFaAQ8J3HWhjjHg9\" class=\"elementor-icon elementor-animation-\" tabindex=\"-1\">\n\t\t\t\t<svg aria-hidden=\"true\" class=\"e-font-icon-svg e-fas-map-marker-alt\" viewBox=\"0 0 384 512\" xmlns=\"http:\/\/www.w3.org\/2000\/svg\"><path d=\"M172.268 501.67C26.97 291.031 0 269.413 0 192 0 85.961 85.961 0 192 0s192 85.961 192 192c0 77.413-26.97 99.031-172.268 309.67-9.535 13.774-29.93 13.773-39.464 0zM192 272c44.183 0 80-35.817 80-80s-35.817-80-80-80-80 35.817-80 80 35.817 80 80 80z\"><\/path><\/svg>\t\t\t\t<\/a>\n\t\t\t<\/div>\n\t\t\t\n\t\t\t\t\t\t<div class=\"elementor-icon-box-content\">\n\n\t\t\t\t\n\t\t\t\t\t\t\t\t\t<p class=\"elementor-icon-box-description\">\n\t\t\t\t\t\tDirecci\u00f3n: Pdte. El\u00edas Calles 18, Zona Centro, 21400 Tecate, B.C.\t\t\t\t\t<\/p>\n\t\t\t\t\n\t\t\t<\/div>\n\t\t\t\n\t\t<\/div>\n\t\t\t\t<\/div>\n\t\t\t\t<\/div>\n\t\t\t\t<div class=\"elementor-element elementor-element-63782e01 elementor-widget elementor-widget-button\" data-id=\"63782e01\" data-element_type=\"widget\" data-widget_type=\"button.default\">\n\t\t\t\t<div class=\"elementor-widget-container\">\n\t\t\t\t\t<div class=\"elementor-button-wrapper\">\n\t\t\t<a class=\"elementor-button elementor-button-link elementor-size-sm\" href=\"tel:+526656540710\">\n\t\t\t\t\t\t<span class=\"elementor-button-content-wrapper\">\n\t\t\t\t\t\t\t\t\t<span class=\"elementor-button-text\">Tel\u00e9fono: +52 665 654 0710<\/span>\n\t\t\t\t\t<\/span>\n\t\t\t\t\t<\/a>\n\t\t<\/div>\n\t\t\t\t<\/div>\n\t\t\t\t<\/div>\n\t\t\t\t\t<\/div>\n\t\t\t\t<\/div>\n\t\t\t\t\t<\/div>\n\t\t\t\t<\/div>\n\t\t<div class=\"elementor-element elementor-element-5c4689c3 e-flex e-con-boxed e-con e-child\" data-id=\"5c4689c3\" data-element_type=\"container\" data-settings=\"{&quot;background_background&quot;:&quot;classic&quot;}\">\n\t\t\t\t\t<div class=\"e-con-inner\">\n\t\t\t\t<div class=\"elementor-element elementor-element-396fc701 elementor-widget elementor-widget-image\" data-id=\"396fc701\" data-element_type=\"widget\" data-widget_type=\"image.default\">\n\t\t\t\t<div class=\"elementor-widget-container\">\n\t\t\t\t\t\t\t\t\t\t\t\t\t<img decoding=\"async\" width=\"800\" height=\"450\" src=\"https:\/\/servicioscomunitariosadventistas.org\/wp-content\/uploads\/2024\/09\/2-1024x576.jpg\" class=\"attachment-large size-large wp-image-162\" alt=\"\" srcset=\"https:\/\/servicioscomunitariosadventistas.org\/wp-content\/uploads\/2024\/09\/2-1024x576.jpg 1024w, https:\/\/servicioscomunitariosadventistas.org\/wp-content\/uploads\/2024\/09\/2-300x169.jpg 300w, https:\/\/servicioscomunitariosadventistas.org\/wp-content\/uploads\/2024\/09\/2-768x432.jpg 768w, https:\/\/servicioscomunitariosadventistas.org\/wp-content\/uploads\/2024\/09\/2-1536x864.jpg 1536w, https:\/\/servicioscomunitariosadventistas.org\/wp-content\/uploads\/2024\/09\/2.jpg 1920w\" sizes=\"(max-width: 800px) 100vw, 800px\" \/>\t\t\t\t\t\t\t\t\t\t\t\t\t<\/div>\n\t\t\t\t<\/div>\n\t\t<div class=\"elementor-element elementor-element-50ad69f1 e-flex e-con-boxed e-con e-child\" data-id=\"50ad69f1\" data-element_type=\"container\">\n\t\t\t\t\t<div class=\"e-con-inner\">\n\t\t\t\t<div class=\"elementor-element elementor-element-7bc5950d elementor-widget elementor-widget-heading\" data-id=\"7bc5950d\" data-element_type=\"widget\" data-widget_type=\"heading.default\">\n\t\t\t\t<div class=\"elementor-widget-container\">\n\t\t\t<h2 class=\"elementor-heading-title elementor-size-default\">Baja California Sur<\/h2>\t\t<\/div>\n\t\t\t\t<\/div>\n\t\t\t\t<div class=\"elementor-element elementor-element-66a35076 elementor-position-left elementor-vertical-align-middle elementor-view-default elementor-mobile-position-top elementor-widget elementor-widget-icon-box\" data-id=\"66a35076\" data-element_type=\"widget\" data-widget_type=\"icon-box.default\">\n\t\t\t\t<div class=\"elementor-widget-container\">\n\t\t\t\t\t<div class=\"elementor-icon-box-wrapper\">\n\n\t\t\t\t\t\t<div class=\"elementor-icon-box-icon\">\n\t\t\t\t<a href=\"https:\/\/maps.app.goo.gl\/ceAZbmy8hsQ1yo8s6\" class=\"elementor-icon elementor-animation-\" tabindex=\"-1\">\n\t\t\t\t<svg aria-hidden=\"true\" class=\"e-font-icon-svg e-fas-map-marker-alt\" viewBox=\"0 0 384 512\" xmlns=\"http:\/\/www.w3.org\/2000\/svg\"><path d=\"M172.268 501.67C26.97 291.031 0 269.413 0 192 0 85.961 85.961 0 192 0s192 85.961 192 192c0 77.413-26.97 99.031-172.268 309.67-9.535 13.774-29.93 13.773-39.464 0zM192 272c44.183 0 80-35.817 80-80s-35.817-80-80-80-80 35.817-80 80 35.817 80 80 80z\"><\/path><\/svg>\t\t\t\t<\/a>\n\t\t\t<\/div>\n\t\t\t\n\t\t\t\t\t\t<div class=\"elementor-icon-box-content\">\n\n\t\t\t\t\n\t\t\t\t\t\t\t\t\t<p class=\"elementor-icon-box-description\">\n\t\t\t\t\t\tLic. Adolfo L\u00f3pez Mateos 2825, Los Olivos, 23040 La Paz, B.C.S.\n\t\t\t\t\t<\/p>\n\t\t\t\t\n\t\t\t<\/div>\n\t\t\t\n\t\t<\/div>\n\t\t\t\t<\/div>\n\t\t\t\t<\/div>\n\t\t\t\t<div class=\"elementor-element elementor-element-1010f368 elementor-widget elementor-widget-button\" data-id=\"1010f368\" data-element_type=\"widget\" data-widget_type=\"button.default\">\n\t\t\t\t<div class=\"elementor-widget-container\">\n\t\t\t\t\t<div class=\"elementor-button-wrapper\">\n\t\t\t<a class=\"elementor-button elementor-button-link elementor-size-sm\" href=\"tel:+526126906236\">\n\t\t\t\t\t\t<span class=\"elementor-button-content-wrapper\">\n\t\t\t\t\t\t\t\t\t<span class=\"elementor-button-text\">Tel\u00e9fono: +52 612 690 6236<\/span>\n\t\t\t\t\t<\/span>\n\t\t\t\t\t<\/a>\n\t\t<\/div>\n\t\t\t\t<\/div>\n\t\t\t\t<\/div>\n\t\t\t\t\t<\/div>\n\t\t\t\t<\/div>\n\t\t\t\t\t<\/div>\n\t\t\t\t<\/div>\n\t\t<div class=\"elementor-element elementor-element-77194b56 e-flex e-con-boxed e-con e-child\" data-id=\"77194b56\" data-element_type=\"container\" data-settings=\"{&quot;background_background&quot;:&quot;classic&quot;}\">\n\t\t\t\t\t<div class=\"e-con-inner\">\n\t\t\t\t<div class=\"elementor-element elementor-element-4163c9ff elementor-widget elementor-widget-image\" data-id=\"4163c9ff\" data-element_type=\"widget\" data-widget_type=\"image.default\">\n\t\t\t\t<div class=\"elementor-widget-container\">\n\t\t\t\t\t\t\t\t\t\t\t\t\t<img loading=\"lazy\" decoding=\"async\" width=\"800\" height=\"450\" src=\"https:\/\/servicioscomunitariosadventistas.org\/wp-content\/uploads\/2024\/09\/1-1024x576.jpg\" class=\"attachment-large size-large wp-image-161\" alt=\"\" srcset=\"https:\/\/servicioscomunitariosadventistas.org\/wp-content\/uploads\/2024\/09\/1-1024x576.jpg 1024w, https:\/\/servicioscomunitariosadventistas.org\/wp-content\/uploads\/2024\/09\/1-300x169.jpg 300w, https:\/\/servicioscomunitariosadventistas.org\/wp-content\/uploads\/2024\/09\/1-768x432.jpg 768w, https:\/\/servicioscomunitariosadventistas.org\/wp-content\/uploads\/2024\/09\/1-1536x864.jpg 1536w, https:\/\/servicioscomunitariosadventistas.org\/wp-content\/uploads\/2024\/09\/1.jpg 1920w\" sizes=\"(max-width: 800px) 100vw, 800px\" \/>\t\t\t\t\t\t\t\t\t\t\t\t\t<\/div>\n\t\t\t\t<\/div>\n\t\t<div class=\"elementor-element elementor-element-79804d38 e-flex e-con-boxed e-con e-child\" data-id=\"79804d38\" data-element_type=\"container\">\n\t\t\t\t\t<div class=\"e-con-inner\">\n\t\t\t\t<div class=\"elementor-element elementor-element-ebe523e elementor-widget elementor-widget-heading\" data-id=\"ebe523e\" data-element_type=\"widget\" data-widget_type=\"heading.default\">\n\t\t\t\t<div class=\"elementor-widget-container\">\n\t\t\t<h2 class=\"elementor-heading-title elementor-size-default\">Chihuahua<\/h2>\t\t<\/div>\n\t\t\t\t<\/div>\n\t\t\t\t<div class=\"elementor-element elementor-element-7d3538ac elementor-position-left elementor-vertical-align-middle elementor-view-default elementor-mobile-position-top elementor-widget elementor-widget-icon-box\" data-id=\"7d3538ac\" data-element_type=\"widget\" data-widget_type=\"icon-box.default\">\n\t\t\t\t<div class=\"elementor-widget-container\">\n\t\t\t\t\t<div class=\"elementor-icon-box-wrapper\">\n\n\t\t\t\t\t\t<div class=\"elementor-icon-box-icon\">\n\t\t\t\t<a href=\"https:\/\/maps.app.goo.gl\/KMNgSb6m1pH4rhWH7\" class=\"elementor-icon elementor-animation-\" tabindex=\"-1\">\n\t\t\t\t<svg aria-hidden=\"true\" class=\"e-font-icon-svg e-fas-map-marker-alt\" viewBox=\"0 0 384 512\" xmlns=\"http:\/\/www.w3.org\/2000\/svg\"><path d=\"M172.268 501.67C26.97 291.031 0 269.413 0 192 0 85.961 85.961 0 192 0s192 85.961 192 192c0 77.413-26.97 99.031-172.268 309.67-9.535 13.774-29.93 13.773-39.464 0zM192 272c44.183 0 80-35.817 80-80s-35.817-80-80-80-80 35.817-80 80 35.817 80 80 80z\"><\/path><\/svg>\t\t\t\t<\/a>\n\t\t\t<\/div>\n\t\t\t\n\t\t\t\t\t\t<div class=\"elementor-icon-box-content\">\n\n\t\t\t\t\n\t\t\t\t\t\t\t\t\t<p class=\"elementor-icon-box-description\">\n\t\t\t\t\t\tDirecci\u00f3n: 31200, Riva Palacio 3303, San Felipe I Etapa, Chihuahua, Chih.\t\t\t\t\t<\/p>\n\t\t\t\t\n\t\t\t<\/div>\n\t\t\t\n\t\t<\/div>\n\t\t\t\t<\/div>\n\t\t\t\t<\/div>\n\t\t\t\t<div class=\"elementor-element elementor-element-5bed1499 elementor-widget elementor-widget-button\" data-id=\"5bed1499\" data-element_type=\"widget\" data-widget_type=\"button.default\">\n\t\t\t\t<div class=\"elementor-widget-container\">\n\t\t\t\t\t<div class=\"elementor-button-wrapper\">\n\t\t\t<a class=\"elementor-button elementor-button-link elementor-size-sm\" href=\"tel:+526144138113\">\n\t\t\t\t\t\t<span class=\"elementor-button-content-wrapper\">\n\t\t\t\t\t\t\t\t\t<span class=\"elementor-button-text\">Tel\u00e9fono: +52 614 413 8113<\/span>\n\t\t\t\t\t<\/span>\n\t\t\t\t\t<\/a>\n\t\t<\/div>\n\t\t\t\t<\/div>\n\t\t\t\t<\/div>\n\t\t\t\t\t<\/div>\n\t\t\t\t<\/div>\n\t\t\t\t\t<\/div>\n\t\t\t\t<\/div>\n\t\t<div class=\"elementor-element elementor-element-2c6592b7 e-flex e-con-boxed e-con e-child\" data-id=\"2c6592b7\" data-element_type=\"container\" data-settings=\"{&quot;background_background&quot;:&quot;classic&quot;}\">\n\t\t\t\t\t<div class=\"e-con-inner\">\n\t\t\t\t<div class=\"elementor-element elementor-element-11077fc3 elementor-widget elementor-widget-image\" data-id=\"11077fc3\" data-element_type=\"widget\" data-widget_type=\"image.default\">\n\t\t\t\t<div class=\"elementor-widget-container\">\n\t\t\t\t\t\t\t\t\t\t\t\t\t<img decoding=\"async\" width=\"800\" height=\"450\" src=\"https:\/\/servicioscomunitariosadventistas.org\/wp-content\/uploads\/2024\/09\/2-1024x576.jpg\" class=\"attachment-large size-large wp-image-162\" alt=\"\" srcset=\"https:\/\/servicioscomunitariosadventistas.org\/wp-content\/uploads\/2024\/09\/2-1024x576.jpg 1024w, https:\/\/servicioscomunitariosadventistas.org\/wp-content\/uploads\/2024\/09\/2-300x169.jpg 300w, https:\/\/servicioscomunitariosadventistas.org\/wp-content\/uploads\/2024\/09\/2-768x432.jpg 768w, https:\/\/servicioscomunitariosadventistas.org\/wp-content\/uploads\/2024\/09\/2-1536x864.jpg 1536w, https:\/\/servicioscomunitariosadventistas.org\/wp-content\/uploads\/2024\/09\/2.jpg 1920w\" sizes=\"(max-width: 800px) 100vw, 800px\" \/>\t\t\t\t\t\t\t\t\t\t\t\t\t<\/div>\n\t\t\t\t<\/div>\n\t\t<div class=\"elementor-element elementor-element-40a4ff14 e-flex e-con-boxed e-con e-child\" data-id=\"40a4ff14\" data-element_type=\"container\">\n\t\t\t\t\t<div class=\"e-con-inner\">\n\t\t\t\t<div class=\"elementor-element elementor-element-57f2da02 elementor-widget elementor-widget-heading\" data-id=\"57f2da02\" data-element_type=\"widget\" data-widget_type=\"heading.default\">\n\t\t\t\t<div class=\"elementor-widget-container\">\n\t\t\t<h2 class=\"elementor-heading-title elementor-size-default\">Sonora<\/h2>\t\t<\/div>\n\t\t\t\t<\/div>\n\t\t\t\t<div class=\"elementor-element elementor-element-5b5f073b elementor-position-left elementor-vertical-align-middle elementor-view-default elementor-mobile-position-top elementor-widget elementor-widget-icon-box\" data-id=\"5b5f073b\" data-element_type=\"widget\" data-widget_type=\"icon-box.default\">\n\t\t\t\t<div class=\"elementor-widget-container\">\n\t\t\t\t\t<div class=\"elementor-icon-box-wrapper\">\n\n\t\t\t\t\t\t<div class=\"elementor-icon-box-icon\">\n\t\t\t\t<a href=\"https:\/\/maps.app.goo.gl\/FWabgtdFYjwEhc166\" class=\"elementor-icon elementor-animation-\" tabindex=\"-1\">\n\t\t\t\t<svg aria-hidden=\"true\" class=\"e-font-icon-svg e-fas-map-marker-alt\" viewBox=\"0 0 384 512\" xmlns=\"http:\/\/www.w3.org\/2000\/svg\"><path d=\"M172.268 501.67C26.97 291.031 0 269.413 0 192 0 85.961 85.961 0 192 0s192 85.961 192 192c0 77.413-26.97 99.031-172.268 309.67-9.535 13.774-29.93 13.773-39.464 0zM192 272c44.183 0 80-35.817 80-80s-35.817-80-80-80-80 35.817-80 80 35.817 80 80 80z\"><\/path><\/svg>\t\t\t\t<\/a>\n\t\t\t<\/div>\n\t\t\t\n\t\t\t\t\t\t<div class=\"elementor-icon-box-content\">\n\n\t\t\t\t\n\t\t\t\t\t\t\t\t\t<p class=\"elementor-icon-box-description\">\n\t\t\t\t\t\tBenjam\u00edn Mu\u00f1oz 87, Balderrama, 83180 Hermosillo, Son.\n\t\t\t\t\t<\/p>\n\t\t\t\t\n\t\t\t<\/div>\n\t\t\t\n\t\t<\/div>\n\t\t\t\t<\/div>\n\t\t\t\t<\/div>\n\t\t\t\t<div class=\"elementor-element elementor-element-4374a128 elementor-widget elementor-widget-button\" data-id=\"4374a128\" data-element_type=\"widget\" data-widget_type=\"button.default\">\n\t\t\t\t<div class=\"elementor-widget-container\">\n\t\t\t\t\t<div class=\"elementor-button-wrapper\">\n\t\t\t<a class=\"elementor-button elementor-button-link elementor-size-sm\" href=\"tel:+52662214866\">\n\t\t\t\t\t\t<span class=\"elementor-button-content-wrapper\">\n\t\t\t\t\t\t\t\t\t<span class=\"elementor-button-text\">Tel\u00e9fono: +52 662 214 0866<\/span>\n\t\t\t\t\t<\/span>\n\t\t\t\t\t<\/a>\n\t\t<\/div>\n\t\t\t\t<\/div>\n\t\t\t\t<\/div>\n\t\t\t\t\t<\/div>\n\t\t\t\t<\/div>\n\t\t\t\t\t<\/div>\n\t\t\t\t<\/div>\n\t\t<div class=\"elementor-element elementor-element-3c3331a2 e-flex e-con-boxed e-con e-child\" data-id=\"3c3331a2\" data-element_type=\"container\" data-settings=\"{&quot;background_background&quot;:&quot;classic&quot;}\">\n\t\t\t\t\t<div class=\"e-con-inner\">\n\t\t\t\t<div class=\"elementor-element elementor-element-7dd31375 elementor-widget elementor-widget-image\" data-id=\"7dd31375\" data-element_type=\"widget\" data-widget_type=\"image.default\">\n\t\t\t\t<div class=\"elementor-widget-container\">\n\t\t\t\t\t\t\t\t\t\t\t\t\t<img loading=\"lazy\" decoding=\"async\" width=\"800\" height=\"450\" src=\"https:\/\/servicioscomunitariosadventistas.org\/wp-content\/uploads\/2024\/09\/1-1024x576.jpg\" class=\"attachment-large size-large wp-image-161\" alt=\"\" srcset=\"https:\/\/servicioscomunitariosadventistas.org\/wp-content\/uploads\/2024\/09\/1-1024x576.jpg 1024w, https:\/\/servicioscomunitariosadventistas.org\/wp-content\/uploads\/2024\/09\/1-300x169.jpg 300w, https:\/\/servicioscomunitariosadventistas.org\/wp-content\/uploads\/2024\/09\/1-768x432.jpg 768w, https:\/\/servicioscomunitariosadventistas.org\/wp-content\/uploads\/2024\/09\/1-1536x864.jpg 1536w, https:\/\/servicioscomunitariosadventistas.org\/wp-content\/uploads\/2024\/09\/1.jpg 1920w\" sizes=\"(max-width: 800px) 100vw, 800px\" \/>\t\t\t\t\t\t\t\t\t\t\t\t\t<\/div>\n\t\t\t\t<\/div>\n\t\t<div class=\"elementor-element elementor-element-22275220 e-flex e-con-boxed e-con e-child\" data-id=\"22275220\" data-element_type=\"container\">\n\t\t\t\t\t<div class=\"e-con-inner\">\n\t\t\t\t<div class=\"elementor-element elementor-element-f41cc66 elementor-widget elementor-widget-heading\" data-id=\"f41cc66\" data-element_type=\"widget\" data-widget_type=\"heading.default\">\n\t\t\t\t<div class=\"elementor-widget-container\">\n\t\t\t<h2 class=\"elementor-heading-title elementor-size-default\">Sinaloa<\/h2>\t\t<\/div>\n\t\t\t\t<\/div>\n\t\t\t\t<div class=\"elementor-element elementor-element-5358300e elementor-position-left elementor-vertical-align-middle elementor-view-default elementor-mobile-position-top elementor-widget elementor-widget-icon-box\" data-id=\"5358300e\" data-element_type=\"widget\" data-widget_type=\"icon-box.default\">\n\t\t\t\t<div class=\"elementor-widget-container\">\n\t\t\t\t\t<div class=\"elementor-icon-box-wrapper\">\n\n\t\t\t\t\t\t<div class=\"elementor-icon-box-icon\">\n\t\t\t\t<a href=\"https:\/\/maps.app.goo.gl\/MpsnQVJhBnYR4RHNA\" class=\"elementor-icon elementor-animation-\" tabindex=\"-1\">\n\t\t\t\t<svg aria-hidden=\"true\" class=\"e-font-icon-svg e-fas-map-marker-alt\" viewBox=\"0 0 384 512\" xmlns=\"http:\/\/www.w3.org\/2000\/svg\"><path d=\"M172.268 501.67C26.97 291.031 0 269.413 0 192 0 85.961 85.961 0 192 0s192 85.961 192 192c0 77.413-26.97 99.031-172.268 309.67-9.535 13.774-29.93 13.773-39.464 0zM192 272c44.183 0 80-35.817 80-80s-35.817-80-80-80-80 35.817-80 80 35.817 80 80 80z\"><\/path><\/svg>\t\t\t\t<\/a>\n\t\t\t<\/div>\n\t\t\t\n\t\t\t\t\t\t<div class=\"elementor-icon-box-content\">\n\n\t\t\t\t\n\t\t\t\t\t\t\t\t\t<p class=\"elementor-icon-box-description\">\n\t\t\t\t\t\tR\u00edo Humaya 284, Guadalupe, 80220 Guadalupe, Sin.\t\t\t\t\t<\/p>\n\t\t\t\t\n\t\t\t<\/div>\n\t\t\t\n\t\t<\/div>\n\t\t\t\t<\/div>\n\t\t\t\t<\/div>\n\t\t\t\t<div class=\"elementor-element elementor-element-533d62cf elementor-widget elementor-widget-button\" data-id=\"533d62cf\" data-element_type=\"widget\" data-widget_type=\"button.default\">\n\t\t\t\t<div class=\"elementor-widget-container\">\n\t\t\t\t\t<div class=\"elementor-button-wrapper\">\n\t\t\t<a class=\"elementor-button elementor-button-link elementor-size-sm\" href=\"tel:+526677131587\">\n\t\t\t\t\t\t<span class=\"elementor-button-content-wrapper\">\n\t\t\t\t\t\t\t\t\t<span class=\"elementor-button-text\">Tel\u00e9fono: +52 667 713 1587<\/span>\n\t\t\t\t\t<\/span>\n\t\t\t\t\t<\/a>\n\t\t<\/div>\n\t\t\t\t<\/div>\n\t\t\t\t<\/div>\n\t\t\t\t\t<\/div>\n\t\t\t\t<\/div>\n\t\t\t\t\t<\/div>\n\t\t\t\t<\/div>\n\t\t<div class=\"elementor-element elementor-element-1671de9e e-flex e-con-boxed e-con e-child\" data-id=\"1671de9e\" data-element_type=\"container\" data-settings=\"{&quot;background_background&quot;:&quot;classic&quot;}\">\n\t\t\t\t\t<div class=\"e-con-inner\">\n\t\t\t\t<div class=\"elementor-element elementor-element-4f5b6c0 elementor-widget elementor-widget-image\" data-id=\"4f5b6c0\" data-element_type=\"widget\" data-widget_type=\"image.default\">\n\t\t\t\t<div class=\"elementor-widget-container\">\n\t\t\t\t\t\t\t\t\t\t\t\t\t<img decoding=\"async\" width=\"800\" height=\"450\" src=\"https:\/\/servicioscomunitariosadventistas.org\/wp-content\/uploads\/2024\/09\/3-1024x576.jpg\" class=\"attachment-large size-large wp-image-163\" alt=\"\" srcset=\"https:\/\/servicioscomunitariosadventistas.org\/wp-content\/uploads\/2024\/09\/3-1024x576.jpg 1024w, https:\/\/servicioscomunitariosadventistas.org\/wp-content\/uploads\/2024\/09\/3-300x169.jpg 300w, https:\/\/servicioscomunitariosadventistas.org\/wp-content\/uploads\/2024\/09\/3-768x432.jpg 768w, https:\/\/servicioscomunitariosadventistas.org\/wp-content\/uploads\/2024\/09\/3-1536x864.jpg 1536w, https:\/\/servicioscomunitariosadventistas.org\/wp-content\/uploads\/2024\/09\/3.jpg 1920w\" sizes=\"(max-width: 800px) 100vw, 800px\" \/>\t\t\t\t\t\t\t\t\t\t\t\t\t<\/div>\n\t\t\t\t<\/div>\n\t\t<div class=\"elementor-element elementor-element-51c98f0c e-flex e-con-boxed e-con e-child\" data-id=\"51c98f0c\" data-element_type=\"container\">\n\t\t\t\t\t<div class=\"e-con-inner\">\n\t\t\t\t<div class=\"elementor-element elementor-element-3c7d3b53 elementor-widget elementor-widget-heading\" data-id=\"3c7d3b53\" data-element_type=\"widget\" data-widget_type=\"heading.default\">\n\t\t\t\t<div class=\"elementor-widget-container\">\n\t\t\t<h2 class=\"elementor-heading-title elementor-size-default\">Guadalajara \u2013 Nayarit y Colima<\/h2>\t\t<\/div>\n\t\t\t\t<\/div>\n\t\t\t\t<div class=\"elementor-element elementor-element-4dda4611 elementor-position-left elementor-vertical-align-middle elementor-view-default elementor-mobile-position-top elementor-widget elementor-widget-icon-box\" data-id=\"4dda4611\" data-element_type=\"widget\" data-widget_type=\"icon-box.default\">\n\t\t\t\t<div class=\"elementor-widget-container\">\n\t\t\t\t\t<div class=\"elementor-icon-box-wrapper\">\n\n\t\t\t\t\t\t<div class=\"elementor-icon-box-icon\">\n\t\t\t\t<span  class=\"elementor-icon elementor-animation-\">\n\t\t\t\t<svg aria-hidden=\"true\" class=\"e-font-icon-svg e-fas-map-marker-alt\" viewBox=\"0 0 384 512\" xmlns=\"http:\/\/www.w3.org\/2000\/svg\"><path d=\"M172.268 501.67C26.97 291.031 0 269.413 0 192 0 85.961 85.961 0 192 0s192 85.961 192 192c0 77.413-26.97 99.031-172.268 309.67-9.535 13.774-29.93 13.773-39.464 0zM192 272c44.183 0 80-35.817 80-80s-35.817-80-80-80-80 35.817-80 80 35.817 80 80 80z\"><\/path><\/svg>\t\t\t\t<\/span>\n\t\t\t<\/div>\n\t\t\t\n\t\t\t\t\t\t<div class=\"elementor-icon-box-content\">\n\n\t\t\t\t\n\t\t\t\t\t\t\t\t\t<p class=\"elementor-icon-box-description\">\n\t\t\t\t\t\tJorullo, Pzla. B 1395, Independencia, 44290 Guadalajara, Jal.\t\t\t\t\t<\/p>\n\t\t\t\t\n\t\t\t<\/div>\n\t\t\t\n\t\t<\/div>\n\t\t\t\t<\/div>\n\t\t\t\t<\/div>\n\t\t\t\t<div class=\"elementor-element elementor-element-58854411 elementor-widget elementor-widget-button\" data-id=\"58854411\" data-element_type=\"widget\" data-widget_type=\"button.default\">\n\t\t\t\t<div class=\"elementor-widget-container\">\n\t\t\t\t\t<div class=\"elementor-button-wrapper\">\n\t\t\t<a class=\"elementor-button elementor-button-link elementor-size-sm\" href=\"tel:+523312024430\">\n\t\t\t\t\t\t<span class=\"elementor-button-content-wrapper\">\n\t\t\t\t\t\t\t\t\t<span class=\"elementor-button-text\">Tel\u00e9fono: +52 33 1202 4430<\/span>\n\t\t\t\t\t<\/span>\n\t\t\t\t\t<\/a>\n\t\t<\/div>\n\t\t\t\t<\/div>\n\t\t\t\t<\/div>\n\t\t\t\t\t<\/div>\n\t\t\t\t<\/div>\n\t\t\t\t\t<\/div>\n\t\t\t\t<\/div>\n\t\t<div class=\"elementor-element elementor-element-45c35916 e-flex e-con-boxed e-con e-child\" data-id=\"45c35916\" data-element_type=\"container\" data-settings=\"{&quot;background_background&quot;:&quot;classic&quot;}\">\n\t\t\t\t\t<div class=\"e-con-inner\">\n\t\t\t\t<div class=\"elementor-element elementor-element-3a7692cb elementor-widget elementor-widget-image\" data-id=\"3a7692cb\" data-element_type=\"widget\" data-widget_type=\"image.default\">\n\t\t\t\t<div class=\"elementor-widget-container\">\n\t\t\t\t\t\t\t\t\t\t\t\t\t<img loading=\"lazy\" decoding=\"async\" width=\"800\" height=\"450\" src=\"https:\/\/servicioscomunitariosadventistas.org\/wp-content\/uploads\/2024\/09\/1-1024x576.jpg\" class=\"attachment-large size-large wp-image-161\" alt=\"\" srcset=\"https:\/\/servicioscomunitariosadventistas.org\/wp-content\/uploads\/2024\/09\/1-1024x576.jpg 1024w, https:\/\/servicioscomunitariosadventistas.org\/wp-content\/uploads\/2024\/09\/1-300x169.jpg 300w, https:\/\/servicioscomunitariosadventistas.org\/wp-content\/uploads\/2024\/09\/1-768x432.jpg 768w, https:\/\/servicioscomunitariosadventistas.org\/wp-content\/uploads\/2024\/09\/1-1536x864.jpg 1536w, https:\/\/servicioscomunitariosadventistas.org\/wp-content\/uploads\/2024\/09\/1.jpg 1920w\" sizes=\"(max-width: 800px) 100vw, 800px\" \/>\t\t\t\t\t\t\t\t\t\t\t\t\t<\/div>\n\t\t\t\t<\/div>\n\t\t<div class=\"elementor-element elementor-element-559af482 e-flex e-con-boxed e-con e-child\" data-id=\"559af482\" data-element_type=\"container\">\n\t\t\t\t\t<div class=\"e-con-inner\">\n\t\t\t\t<div class=\"elementor-element elementor-element-2a7c073f elementor-widget elementor-widget-heading\" data-id=\"2a7c073f\" data-element_type=\"widget\" data-widget_type=\"heading.default\">\n\t\t\t\t<div class=\"elementor-widget-container\">\n\t\t\t<h2 class=\"elementor-heading-title elementor-size-default\">Zacatecas \u2013 Durango y Torre\u00f3n Coahuila <\/h2>\t\t<\/div>\n\t\t\t\t<\/div>\n\t\t\t\t<div class=\"elementor-element elementor-element-1ecf4d62 elementor-position-left elementor-vertical-align-middle elementor-view-default elementor-mobile-position-top elementor-widget elementor-widget-icon-box\" data-id=\"1ecf4d62\" data-element_type=\"widget\" data-widget_type=\"icon-box.default\">\n\t\t\t\t<div class=\"elementor-widget-container\">\n\t\t\t\t\t<div class=\"elementor-icon-box-wrapper\">\n\n\t\t\t\t\t\t<div class=\"elementor-icon-box-icon\">\n\t\t\t\t<a href=\"https:\/\/maps.app.goo.gl\/fFxmeKYRHU6HjzXy5\" class=\"elementor-icon elementor-animation-\" tabindex=\"-1\">\n\t\t\t\t<svg aria-hidden=\"true\" class=\"e-font-icon-svg e-fas-map-marker-alt\" viewBox=\"0 0 384 512\" xmlns=\"http:\/\/www.w3.org\/2000\/svg\"><path d=\"M172.268 501.67C26.97 291.031 0 269.413 0 192 0 85.961 85.961 0 192 0s192 85.961 192 192c0 77.413-26.97 99.031-172.268 309.67-9.535 13.774-29.93 13.773-39.464 0zM192 272c44.183 0 80-35.817 80-80s-35.817-80-80-80-80 35.817-80 80 35.817 80 80 80z\"><\/path><\/svg>\t\t\t\t<\/a>\n\t\t\t<\/div>\n\t\t\t\n\t\t\t\t\t\t<div class=\"elementor-icon-box-content\">\n\n\t\t\t\t\n\t\t\t\t\t\t\t\t\t<p class=\"elementor-icon-box-description\">\n\t\t\t\t\t\tCalle, Wenceslao Rodr\u00edguez # 464, Primero de Cobi\u00e1n Centro, 27000 Torre\u00f3n, Coah.\t\t\t\t\t<\/p>\n\t\t\t\t\n\t\t\t<\/div>\n\t\t\t\n\t\t<\/div>\n\t\t\t\t<\/div>\n\t\t\t\t<\/div>\n\t\t\t\t<div class=\"elementor-element elementor-element-647be283 elementor-widget elementor-widget-button\" data-id=\"647be283\" data-element_type=\"widget\" data-widget_type=\"button.default\">\n\t\t\t\t<div class=\"elementor-widget-container\">\n\t\t\t\t\t<div class=\"elementor-button-wrapper\">\n\t\t\t<a class=\"elementor-button elementor-button-link elementor-size-sm\" href=\"tel:+528712042049\">\n\t\t\t\t\t\t<span class=\"elementor-button-content-wrapper\">\n\t\t\t\t\t\t\t\t\t<span class=\"elementor-button-text\">Tel\u00e9fono: +52 871 204 2049<\/span>\n\t\t\t\t\t<\/span>\n\t\t\t\t\t<\/a>\n\t\t<\/div>\n\t\t\t\t<\/div>\n\t\t\t\t<\/div>\n\t\t\t\t\t<\/div>\n\t\t\t\t<\/div>\n\t\t\t\t\t<\/div>\n\t\t\t\t<\/div>\n\t\t<div class=\"elementor-element elementor-element-484c1a40 e-flex e-con-boxed e-con e-child\" data-id=\"484c1a40\" data-element_type=\"container\" data-settings=\"{&quot;background_background&quot;:&quot;classic&quot;}\">\n\t\t\t\t\t<div class=\"e-con-inner\">\n\t\t\t\t<div class=\"elementor-element elementor-element-4c07f9ab elementor-widget elementor-widget-image\" data-id=\"4c07f9ab\" data-element_type=\"widget\" data-widget_type=\"image.default\">\n\t\t\t\t<div class=\"elementor-widget-container\">\n\t\t\t\t\t\t\t\t\t\t\t\t\t<img decoding=\"async\" width=\"800\" height=\"450\" src=\"https:\/\/servicioscomunitariosadventistas.org\/wp-content\/uploads\/2024\/09\/3-1024x576.jpg\" class=\"attachment-large size-large wp-image-163\" alt=\"\" srcset=\"https:\/\/servicioscomunitariosadventistas.org\/wp-content\/uploads\/2024\/09\/3-1024x576.jpg 1024w, https:\/\/servicioscomunitariosadventistas.org\/wp-content\/uploads\/2024\/09\/3-300x169.jpg 300w, https:\/\/servicioscomunitariosadventistas.org\/wp-content\/uploads\/2024\/09\/3-768x432.jpg 768w, https:\/\/servicioscomunitariosadventistas.org\/wp-content\/uploads\/2024\/09\/3-1536x864.jpg 1536w, https:\/\/servicioscomunitariosadventistas.org\/wp-content\/uploads\/2024\/09\/3.jpg 1920w\" sizes=\"(max-width: 800px) 100vw, 800px\" \/>\t\t\t\t\t\t\t\t\t\t\t\t\t<\/div>\n\t\t\t\t<\/div>\n\t\t<div class=\"elementor-element elementor-element-25a2f057 e-flex e-con-boxed e-con e-child\" data-id=\"25a2f057\" data-element_type=\"container\">\n\t\t\t\t\t<div class=\"e-con-inner\">\n\t\t\t\t<div class=\"elementor-element elementor-element-5c429997 elementor-widget elementor-widget-heading\" data-id=\"5c429997\" data-element_type=\"widget\" data-widget_type=\"heading.default\">\n\t\t\t\t<div class=\"elementor-widget-container\">\n\t\t\t<h2 class=\"elementor-heading-title elementor-size-default\">Nuevo Le\u00f3n<\/h2>\t\t<\/div>\n\t\t\t\t<\/div>\n\t\t\t\t<div class=\"elementor-element elementor-element-618d3f5 elementor-position-left elementor-vertical-align-middle elementor-view-default elementor-mobile-position-top elementor-widget elementor-widget-icon-box\" data-id=\"618d3f5\" data-element_type=\"widget\" data-widget_type=\"icon-box.default\">\n\t\t\t\t<div class=\"elementor-widget-container\">\n\t\t\t\t\t<div class=\"elementor-icon-box-wrapper\">\n\n\t\t\t\t\t\t<div class=\"elementor-icon-box-icon\">\n\t\t\t\t<a href=\"https:\/\/maps.app.goo.gl\/oNiz6xKK6m7TDE3h7\" class=\"elementor-icon elementor-animation-\" tabindex=\"-1\">\n\t\t\t\t<svg aria-hidden=\"true\" class=\"e-font-icon-svg e-fas-map-marker-alt\" viewBox=\"0 0 384 512\" xmlns=\"http:\/\/www.w3.org\/2000\/svg\"><path d=\"M172.268 501.67C26.97 291.031 0 269.413 0 192 0 85.961 85.961 0 192 0s192 85.961 192 192c0 77.413-26.97 99.031-172.268 309.67-9.535 13.774-29.93 13.773-39.464 0zM192 272c44.183 0 80-35.817 80-80s-35.817-80-80-80-80 35.817-80 80 35.817 80 80 80z\"><\/path><\/svg>\t\t\t\t<\/a>\n\t\t\t<\/div>\n\t\t\t\n\t\t\t\t\t\t<div class=\"elementor-icon-box-content\">\n\n\t\t\t\t\n\t\t\t\t\t\t\t\t\t<p class=\"elementor-icon-box-description\">\n\t\t\t\t\t\tLerma 2008, Mitras Centro, 64460 Monterrey, N.L.\t\t\t\t\t<\/p>\n\t\t\t\t\n\t\t\t<\/div>\n\t\t\t\n\t\t<\/div>\n\t\t\t\t<\/div>\n\t\t\t\t<\/div>\n\t\t\t\t<div class=\"elementor-element elementor-element-75bcfdb9 elementor-widget elementor-widget-button\" data-id=\"75bcfdb9\" data-element_type=\"widget\" data-widget_type=\"button.default\">\n\t\t\t\t<div class=\"elementor-widget-container\">\n\t\t\t\t\t<div class=\"elementor-button-wrapper\">\n\t\t\t<a class=\"elementor-button elementor-button-link elementor-size-sm\" href=\"tel:+528113587154\">\n\t\t\t\t\t\t<span class=\"elementor-button-content-wrapper\">\n\t\t\t\t\t\t\t\t\t<span class=\"elementor-button-text\">Tel\u00e9fono: +52 81 1358 7154<\/span>\n\t\t\t\t\t<\/span>\n\t\t\t\t\t<\/a>\n\t\t<\/div>\n\t\t\t\t<\/div>\n\t\t\t\t<\/div>\n\t\t\t\t\t<\/div>\n\t\t\t\t<\/div>\n\t\t\t\t\t<\/div>\n\t\t\t\t<\/div>\n\t\t<div class=\"elementor-element elementor-element-52eba509 e-flex e-con-boxed e-con e-child\" data-id=\"52eba509\" data-element_type=\"container\" data-settings=\"{&quot;background_background&quot;:&quot;classic&quot;}\">\n\t\t\t\t\t<div class=\"e-con-inner\">\n\t\t\t\t<div class=\"elementor-element elementor-element-5e67e0d6 elementor-widget elementor-widget-image\" data-id=\"5e67e0d6\" data-element_type=\"widget\" data-widget_type=\"image.default\">\n\t\t\t\t<div class=\"elementor-widget-container\">\n\t\t\t\t\t\t\t\t\t\t\t\t\t<img decoding=\"async\" width=\"800\" height=\"450\" src=\"https:\/\/servicioscomunitariosadventistas.org\/wp-content\/uploads\/2024\/09\/2-1024x576.jpg\" class=\"attachment-large size-large wp-image-162\" alt=\"\" srcset=\"https:\/\/servicioscomunitariosadventistas.org\/wp-content\/uploads\/2024\/09\/2-1024x576.jpg 1024w, https:\/\/servicioscomunitariosadventistas.org\/wp-content\/uploads\/2024\/09\/2-300x169.jpg 300w, https:\/\/servicioscomunitariosadventistas.org\/wp-content\/uploads\/2024\/09\/2-768x432.jpg 768w, https:\/\/servicioscomunitariosadventistas.org\/wp-content\/uploads\/2024\/09\/2-1536x864.jpg 1536w, https:\/\/servicioscomunitariosadventistas.org\/wp-content\/uploads\/2024\/09\/2.jpg 1920w\" sizes=\"(max-width: 800px) 100vw, 800px\" \/>\t\t\t\t\t\t\t\t\t\t\t\t\t<\/div>\n\t\t\t\t<\/div>\n\t\t<div class=\"elementor-element elementor-element-739f05e4 e-flex e-con-boxed e-con e-child\" data-id=\"739f05e4\" data-element_type=\"container\">\n\t\t\t\t\t<div class=\"e-con-inner\">\n\t\t\t\t<div class=\"elementor-element elementor-element-7a07745a elementor-widget elementor-widget-heading\" data-id=\"7a07745a\" data-element_type=\"widget\" data-widget_type=\"heading.default\">\n\t\t\t\t<div class=\"elementor-widget-container\">\n\t\t\t<h2 class=\"elementor-heading-title elementor-size-default\">Nuevo Le\u00f3n<\/h2>\t\t<\/div>\n\t\t\t\t<\/div>\n\t\t\t\t<div class=\"elementor-element elementor-element-5757cc09 elementor-position-left elementor-vertical-align-middle elementor-view-default elementor-mobile-position-top elementor-widget elementor-widget-icon-box\" data-id=\"5757cc09\" data-element_type=\"widget\" data-widget_type=\"icon-box.default\">\n\t\t\t\t<div class=\"elementor-widget-container\">\n\t\t\t\t\t<div class=\"elementor-icon-box-wrapper\">\n\n\t\t\t\t\t\t<div class=\"elementor-icon-box-icon\">\n\t\t\t\t<a href=\"https:\/\/maps.app.goo.gl\/tgFEVMSob7BtBqGGA\" class=\"elementor-icon elementor-animation-\" tabindex=\"-1\">\n\t\t\t\t<svg aria-hidden=\"true\" class=\"e-font-icon-svg e-fas-map-marker-alt\" viewBox=\"0 0 384 512\" xmlns=\"http:\/\/www.w3.org\/2000\/svg\"><path d=\"M172.268 501.67C26.97 291.031 0 269.413 0 192 0 85.961 85.961 0 192 0s192 85.961 192 192c0 77.413-26.97 99.031-172.268 309.67-9.535 13.774-29.93 13.773-39.464 0zM192 272c44.183 0 80-35.817 80-80s-35.817-80-80-80-80 35.817-80 80 35.817 80 80 80z\"><\/path><\/svg>\t\t\t\t<\/a>\n\t\t\t<\/div>\n\t\t\t\n\t\t\t\t\t\t<div class=\"elementor-icon-box-content\">\n\n\t\t\t\t\n\t\t\t\t\t\t\t\t\t<p class=\"elementor-icon-box-description\">\n\t\t\t\t\t\tPedro Mart\u00ednez 2054, Residencial La Florida, 64810 Monterrey, N.L.\t\t\t\t\t<\/p>\n\t\t\t\t\n\t\t\t<\/div>\n\t\t\t\n\t\t<\/div>\n\t\t\t\t<\/div>\n\t\t\t\t<\/div>\n\t\t\t\t<div class=\"elementor-element elementor-element-45ad6061 elementor-widget elementor-widget-button\" data-id=\"45ad6061\" data-element_type=\"widget\" data-widget_type=\"button.default\">\n\t\t\t\t<div class=\"elementor-widget-container\">\n\t\t\t\t\t<div class=\"elementor-button-wrapper\">\n\t\t\t<a class=\"elementor-button elementor-button-link elementor-size-sm\" href=\"tel:+528183593900\">\n\t\t\t\t\t\t<span class=\"elementor-button-content-wrapper\">\n\t\t\t\t\t\t\t\t\t<span class=\"elementor-button-text\">Tel\u00e9fono: +52 81 8359 3900<\/span>\n\t\t\t\t\t<\/span>\n\t\t\t\t\t<\/a>\n\t\t<\/div>\n\t\t\t\t<\/div>\n\t\t\t\t<\/div>\n\t\t\t\t\t<\/div>\n\t\t\t\t<\/div>\n\t\t\t\t\t<\/div>\n\t\t\t\t<\/div>\n\t\t<div class=\"elementor-element elementor-element-4fcd5e61 e-flex e-con-boxed e-con e-child\" data-id=\"4fcd5e61\" data-element_type=\"container\" data-settings=\"{&quot;background_background&quot;:&quot;classic&quot;}\">\n\t\t\t\t\t<div class=\"e-con-inner\">\n\t\t\t\t<div class=\"elementor-element elementor-element-781c5e17 elementor-widget elementor-widget-image\" data-id=\"781c5e17\" data-element_type=\"widget\" data-widget_type=\"image.default\">\n\t\t\t\t<div class=\"elementor-widget-container\">\n\t\t\t\t\t\t\t\t\t\t\t\t\t<img decoding=\"async\" width=\"800\" height=\"450\" src=\"https:\/\/servicioscomunitariosadventistas.org\/wp-content\/uploads\/2024\/09\/3-1024x576.jpg\" class=\"attachment-large size-large wp-image-163\" alt=\"\" srcset=\"https:\/\/servicioscomunitariosadventistas.org\/wp-content\/uploads\/2024\/09\/3-1024x576.jpg 1024w, https:\/\/servicioscomunitariosadventistas.org\/wp-content\/uploads\/2024\/09\/3-300x169.jpg 300w, https:\/\/servicioscomunitariosadventistas.org\/wp-content\/uploads\/2024\/09\/3-768x432.jpg 768w, https:\/\/servicioscomunitariosadventistas.org\/wp-content\/uploads\/2024\/09\/3-1536x864.jpg 1536w, https:\/\/servicioscomunitariosadventistas.org\/wp-content\/uploads\/2024\/09\/3.jpg 1920w\" sizes=\"(max-width: 800px) 100vw, 800px\" \/>\t\t\t\t\t\t\t\t\t\t\t\t\t<\/div>\n\t\t\t\t<\/div>\n\t\t<div class=\"elementor-element elementor-element-d13bfe8 e-flex e-con-boxed e-con e-child\" data-id=\"d13bfe8\" data-element_type=\"container\">\n\t\t\t\t\t<div class=\"e-con-inner\">\n\t\t\t\t<div class=\"elementor-element elementor-element-443822c0 elementor-widget elementor-widget-heading\" data-id=\"443822c0\" data-element_type=\"widget\" data-widget_type=\"heading.default\">\n\t\t\t\t<div class=\"elementor-widget-container\">\n\t\t\t<h2 class=\"elementor-heading-title elementor-size-default\">Tamaulipas<\/h2>\t\t<\/div>\n\t\t\t\t<\/div>\n\t\t\t\t<div class=\"elementor-element elementor-element-75dd571b elementor-position-left elementor-vertical-align-middle elementor-view-default elementor-mobile-position-top elementor-widget elementor-widget-icon-box\" data-id=\"75dd571b\" data-element_type=\"widget\" data-widget_type=\"icon-box.default\">\n\t\t\t\t<div class=\"elementor-widget-container\">\n\t\t\t\t\t<div class=\"elementor-icon-box-wrapper\">\n\n\t\t\t\t\t\t<div class=\"elementor-icon-box-icon\">\n\t\t\t\t<a href=\"https:\/\/maps.app.goo.gl\/vo1rn5Q5u3jxMHeB7\" class=\"elementor-icon elementor-animation-\" tabindex=\"-1\">\n\t\t\t\t<svg aria-hidden=\"true\" class=\"e-font-icon-svg e-fas-map-marker-alt\" viewBox=\"0 0 384 512\" xmlns=\"http:\/\/www.w3.org\/2000\/svg\"><path d=\"M172.268 501.67C26.97 291.031 0 269.413 0 192 0 85.961 85.961 0 192 0s192 85.961 192 192c0 77.413-26.97 99.031-172.268 309.67-9.535 13.774-29.93 13.773-39.464 0zM192 272c44.183 0 80-35.817 80-80s-35.817-80-80-80-80 35.817-80 80 35.817 80 80 80z\"><\/path><\/svg>\t\t\t\t<\/a>\n\t\t\t<\/div>\n\t\t\t\n\t\t\t\t\t\t<div class=\"elementor-icon-box-content\">\n\n\t\t\t\t\n\t\t\t\t\t\t\t\t\t<p class=\"elementor-icon-box-description\">\n\t\t\t\t\t\tCalle Mier y Ter\u00e1n #301, Zona Centro, C.P. 87000 Cd. Victoria Tamaulipas.\t\t\t\t\t<\/p>\n\t\t\t\t\n\t\t\t<\/div>\n\t\t\t\n\t\t<\/div>\n\t\t\t\t<\/div>\n\t\t\t\t<\/div>\n\t\t\t\t<div class=\"elementor-element elementor-element-7986694e elementor-widget elementor-widget-button\" data-id=\"7986694e\" data-element_type=\"widget\" data-widget_type=\"button.default\">\n\t\t\t\t<div class=\"elementor-widget-container\">\n\t\t\t\t\t<div class=\"elementor-button-wrapper\">\n\t\t\t<a class=\"elementor-button elementor-button-link elementor-size-sm\" href=\"tel:+528343153138\">\n\t\t\t\t\t\t<span class=\"elementor-button-content-wrapper\">\n\t\t\t\t\t\t\t\t\t<span class=\"elementor-button-text\">Tel\u00e9fono: +52 834 315 3138<\/span>\n\t\t\t\t\t<\/span>\n\t\t\t\t\t<\/a>\n\t\t<\/div>\n\t\t\t\t<\/div>\n\t\t\t\t<\/div>\n\t\t\t\t\t<\/div>\n\t\t\t\t<\/div>\n\t\t\t\t\t<\/div>\n\t\t\t\t<\/div>\n\t\t<div class=\"elementor-element elementor-element-1fa188aa e-flex e-con-boxed e-con e-child\" data-id=\"1fa188aa\" data-element_type=\"container\" data-settings=\"{&quot;background_background&quot;:&quot;classic&quot;}\">\n\t\t\t\t\t<div class=\"e-con-inner\">\n\t\t\t\t<div class=\"elementor-element elementor-element-224b9e27 elementor-widget elementor-widget-image\" data-id=\"224b9e27\" data-element_type=\"widget\" data-widget_type=\"image.default\">\n\t\t\t\t<div class=\"elementor-widget-container\">\n\t\t\t\t\t\t\t\t\t\t\t\t\t<img decoding=\"async\" width=\"800\" height=\"450\" src=\"https:\/\/servicioscomunitariosadventistas.org\/wp-content\/uploads\/2024\/09\/2-1024x576.jpg\" class=\"attachment-large size-large wp-image-162\" alt=\"\" srcset=\"https:\/\/servicioscomunitariosadventistas.org\/wp-content\/uploads\/2024\/09\/2-1024x576.jpg 1024w, https:\/\/servicioscomunitariosadventistas.org\/wp-content\/uploads\/2024\/09\/2-300x169.jpg 300w, https:\/\/servicioscomunitariosadventistas.org\/wp-content\/uploads\/2024\/09\/2-768x432.jpg 768w, https:\/\/servicioscomunitariosadventistas.org\/wp-content\/uploads\/2024\/09\/2-1536x864.jpg 1536w, https:\/\/servicioscomunitariosadventistas.org\/wp-content\/uploads\/2024\/09\/2.jpg 1920w\" sizes=\"(max-width: 800px) 100vw, 800px\" \/>\t\t\t\t\t\t\t\t\t\t\t\t\t<\/div>\n\t\t\t\t<\/div>\n\t\t<div class=\"elementor-element elementor-element-6f100c1a e-flex e-con-boxed e-con e-child\" data-id=\"6f100c1a\" data-element_type=\"container\">\n\t\t\t\t\t<div class=\"e-con-inner\">\n\t\t\t\t<div class=\"elementor-element elementor-element-2c777efc elementor-widget elementor-widget-heading\" data-id=\"2c777efc\" data-element_type=\"widget\" data-widget_type=\"heading.default\">\n\t\t\t\t<div class=\"elementor-widget-container\">\n\t\t\t<h2 class=\"elementor-heading-title elementor-size-default\">Tamaulipas<\/h2>\t\t<\/div>\n\t\t\t\t<\/div>\n\t\t\t\t<div class=\"elementor-element elementor-element-396f880a elementor-position-left elementor-vertical-align-middle elementor-view-default elementor-mobile-position-top elementor-widget elementor-widget-icon-box\" data-id=\"396f880a\" data-element_type=\"widget\" data-widget_type=\"icon-box.default\">\n\t\t\t\t<div class=\"elementor-widget-container\">\n\t\t\t\t\t<div class=\"elementor-icon-box-wrapper\">\n\n\t\t\t\t\t\t<div class=\"elementor-icon-box-icon\">\n\t\t\t\t<a href=\"https:\/\/maps.app.goo.gl\/xPf7Brm69TTNcp4V6\" class=\"elementor-icon elementor-animation-\" tabindex=\"-1\">\n\t\t\t\t<svg aria-hidden=\"true\" class=\"e-font-icon-svg e-fas-map-marker-alt\" viewBox=\"0 0 384 512\" xmlns=\"http:\/\/www.w3.org\/2000\/svg\"><path d=\"M172.268 501.67C26.97 291.031 0 269.413 0 192 0 85.961 85.961 0 192 0s192 85.961 192 192c0 77.413-26.97 99.031-172.268 309.67-9.535 13.774-29.93 13.773-39.464 0zM192 272c44.183 0 80-35.817 80-80s-35.817-80-80-80-80 35.817-80 80 35.817 80 80 80z\"><\/path><\/svg>\t\t\t\t<\/a>\n\t\t\t<\/div>\n\t\t\t\n\t\t\t\t\t\t<div class=\"elementor-icon-box-content\">\n\n\t\t\t\t\n\t\t\t\t\t\t\t\t\t<p class=\"elementor-icon-box-description\">\n\t\t\t\t\t\tIturbide 250, Zona Centro, 88510 Reynosa, Tamps.\t\t\t\t\t<\/p>\n\t\t\t\t\n\t\t\t<\/div>\n\t\t\t\n\t\t<\/div>\n\t\t\t\t<\/div>\n\t\t\t\t<\/div>\n\t\t\t\t<div class=\"elementor-element elementor-element-66776055 elementor-widget elementor-widget-button\" data-id=\"66776055\" data-element_type=\"widget\" data-widget_type=\"button.default\">\n\t\t\t\t<div class=\"elementor-widget-container\">\n\t\t\t\t\t<div class=\"elementor-button-wrapper\">\n\t\t\t<a class=\"elementor-button elementor-button-link elementor-size-sm\" href=\"tel:+528999300028\">\n\t\t\t\t\t\t<span class=\"elementor-button-content-wrapper\">\n\t\t\t\t\t\t\t\t\t<span class=\"elementor-button-text\">Tel\u00e9fono: +52 899 930 0028<\/span>\n\t\t\t\t\t<\/span>\n\t\t\t\t\t<\/a>\n\t\t<\/div>\n\t\t\t\t<\/div>\n\t\t\t\t<\/div>\n\t\t\t\t\t<\/div>\n\t\t\t\t<\/div>\n\t\t\t\t\t<\/div>\n\t\t\t\t<\/div>\n\t\t<div class=\"elementor-element elementor-element-5d585aaa e-flex e-con-boxed e-con e-child\" data-id=\"5d585aaa\" data-element_type=\"container\" data-settings=\"{&quot;background_background&quot;:&quot;classic&quot;}\">\n\t\t\t\t\t<div class=\"e-con-inner\">\n\t\t\t\t<div class=\"elementor-element elementor-element-5ed78aff elementor-widget elementor-widget-image\" data-id=\"5ed78aff\" data-element_type=\"widget\" data-widget_type=\"image.default\">\n\t\t\t\t<div class=\"elementor-widget-container\">\n\t\t\t\t\t\t\t\t\t\t\t\t\t<img loading=\"lazy\" decoding=\"async\" width=\"800\" height=\"450\" src=\"https:\/\/servicioscomunitariosadventistas.org\/wp-content\/uploads\/2024\/09\/1-1024x576.jpg\" class=\"attachment-large size-large wp-image-161\" alt=\"\" srcset=\"https:\/\/servicioscomunitariosadventistas.org\/wp-content\/uploads\/2024\/09\/1-1024x576.jpg 1024w, https:\/\/servicioscomunitariosadventistas.org\/wp-content\/uploads\/2024\/09\/1-300x169.jpg 300w, https:\/\/servicioscomunitariosadventistas.org\/wp-content\/uploads\/2024\/09\/1-768x432.jpg 768w, https:\/\/servicioscomunitariosadventistas.org\/wp-content\/uploads\/2024\/09\/1-1536x864.jpg 1536w, https:\/\/servicioscomunitariosadventistas.org\/wp-content\/uploads\/2024\/09\/1.jpg 1920w\" sizes=\"(max-width: 800px) 100vw, 800px\" \/>\t\t\t\t\t\t\t\t\t\t\t\t\t<\/div>\n\t\t\t\t<\/div>\n\t\t<div class=\"elementor-element elementor-element-cf6c02a e-flex e-con-boxed e-con e-child\" data-id=\"cf6c02a\" data-element_type=\"container\">\n\t\t\t\t\t<div class=\"e-con-inner\">\n\t\t\t\t<div class=\"elementor-element elementor-element-69ff27ab elementor-widget elementor-widget-heading\" data-id=\"69ff27ab\" data-element_type=\"widget\" data-widget_type=\"heading.default\">\n\t\t\t\t<div class=\"elementor-widget-container\">\n\t\t\t<h2 class=\"elementor-heading-title elementor-size-default\">San Luis Potosi <\/h2>\t\t<\/div>\n\t\t\t\t<\/div>\n\t\t\t\t<div class=\"elementor-element elementor-element-ee77fc7 elementor-position-left elementor-vertical-align-middle elementor-view-default elementor-mobile-position-top elementor-widget elementor-widget-icon-box\" data-id=\"ee77fc7\" data-element_type=\"widget\" data-widget_type=\"icon-box.default\">\n\t\t\t\t<div class=\"elementor-widget-container\">\n\t\t\t\t\t<div class=\"elementor-icon-box-wrapper\">\n\n\t\t\t\t\t\t<div class=\"elementor-icon-box-icon\">\n\t\t\t\t<a href=\"https:\/\/maps.app.goo.gl\/vo1rn5Q5u3jxMHeB7\" class=\"elementor-icon elementor-animation-\" tabindex=\"-1\">\n\t\t\t\t<svg aria-hidden=\"true\" class=\"e-font-icon-svg e-fas-map-marker-alt\" viewBox=\"0 0 384 512\" xmlns=\"http:\/\/www.w3.org\/2000\/svg\"><path d=\"M172.268 501.67C26.97 291.031 0 269.413 0 192 0 85.961 85.961 0 192 0s192 85.961 192 192c0 77.413-26.97 99.031-172.268 309.67-9.535 13.774-29.93 13.773-39.464 0zM192 272c44.183 0 80-35.817 80-80s-35.817-80-80-80-80 35.817-80 80 35.817 80 80 80z\"><\/path><\/svg>\t\t\t\t<\/a>\n\t\t\t<\/div>\n\t\t\t\n\t\t\t\t\t\t<div class=\"elementor-icon-box-content\">\n\n\t\t\t\t\n\t\t\t\t\t\t\t\t\t<p class=\"elementor-icon-box-description\">\n\t\t\t\t\t\tCalle Mier y Ter\u00e1n #301, Zona Centro, C.P. 87000 Cd. Victoria Tamaulipas.\t\t\t\t\t<\/p>\n\t\t\t\t\n\t\t\t<\/div>\n\t\t\t\n\t\t<\/div>\n\t\t\t\t<\/div>\n\t\t\t\t<\/div>\n\t\t\t\t<div class=\"elementor-element elementor-element-12cc95fe elementor-widget elementor-widget-button\" data-id=\"12cc95fe\" data-element_type=\"widget\" data-widget_type=\"button.default\">\n\t\t\t\t<div class=\"elementor-widget-container\">\n\t\t\t\t\t<div class=\"elementor-button-wrapper\">\n\t\t\t<a class=\"elementor-button elementor-button-link elementor-size-sm\" href=\"tel:+528343153138\">\n\t\t\t\t\t\t<span class=\"elementor-button-content-wrapper\">\n\t\t\t\t\t\t\t\t\t<span class=\"elementor-button-text\">Tel\u00e9fono: +52 834 315 3138<\/span>\n\t\t\t\t\t<\/span>\n\t\t\t\t\t<\/a>\n\t\t<\/div>\n\t\t\t\t<\/div>\n\t\t\t\t<\/div>\n\t\t\t\t\t<\/div>\n\t\t\t\t<\/div>\n\t\t\t\t\t<\/div>\n\t\t\t\t<\/div>\n\t\t\t\t\t<\/div>\n\t\t\t\t<\/div>\n\t\t\t\t\t<\/div>\n\t\t\t\t<\/div>\n\t\t\t\t<\/div>\n\t\t","protected":false},"excerpt":{"rendered":"<p>Haz una Donaci\u00f3n Transforma Vidas. Localizanos en cualquiera de las 11 sedes que tenemos en el norte del pais. Atenderemos con gusto tu llamada. Baja California Direcci\u00f3n: Pdte. El\u00edas Calles 18, Zona Centro, 21400 Tecate, B.C. Tel\u00e9fono: +52 665 654 0710 Baja California Sur Lic. Adolfo L\u00f3pez Mateos 2825, Los Olivos, 23040 La Paz, B.C.S. [&hellip;]<\/p>\n","protected":false},"author":1,"featured_media":0,"parent":0,"menu_order":0,"comment_status":"closed","ping_status":"closed","template":"elementor_header_footer","meta":{"footnotes":""},"class_list":["post-152","page","type-page","status-publish","hentry"],"aioseo_notices":[],"_links":{"self":[{"href":"https:\/\/servicioscomunitariosadventistas.org\/index.php\/wp-json\/wp\/v2\/pages\/152","targetHints":{"allow":["GET"]}}],"collection":[{"href":"https:\/\/servicioscomunitariosadventistas.org\/index.php\/wp-json\/wp\/v2\/pages"}],"about":[{"href":"https:\/\/servicioscomunitariosadventistas.org\/index.php\/wp-json\/wp\/v2\/types\/page"}],"author":[{"embeddable":true,"href":"https:\/\/servicioscomunitariosadventistas.org\/index.php\/wp-json\/wp\/v2\/users\/1"}],"replies":[{"embeddable":true,"href":"https:\/\/servicioscomunitariosadventistas.org\/index.php\/wp-json\/wp\/v2\/comments?post=152"}],"version-history":[{"count":4,"href":"https:\/\/servicioscomunitariosadventistas.org\/index.php\/wp-json\/wp\/v2\/pages\/152\/revisions"}],"predecessor-version":[{"id":166,"href":"https:\/\/servicioscomunitariosadventistas.org\/index.php\/wp-json\/wp\/v2\/pages\/152\/revisions\/166"}],"wp:attachment":[{"href":"https:\/\/servicioscomunitariosadventistas.org\/index.php\/wp-json\/wp\/v2\/media?parent=152"}],"curies":[{"name":"wp","href":"https:\/\/api.w.org\/{rel}","templated":true}]}}